{"id":2904,"date":"2023-08-02T22:03:25","date_gmt":"2023-08-02T22:03:25","guid":{"rendered":"https:\/\/frenterenovador.org.ar\/proyectAR\/?page_id=2904"},"modified":"2023-08-02T22:07:43","modified_gmt":"2023-08-02T22:07:43","slug":"enfoque-de-genero-comunicacion-politica-y-territoria","status":"publish","type":"page","link":"https:\/\/frenterenovador.org.ar\/proyectAR\/enfoque-de-genero-comunicacion-politica-y-territoria\/","title":{"rendered":"Enfoque de G\u00e9nero, Comunicaci\u00f3n Pol\u00edtica y Territoria"},"content":{"rendered":"\t\t<div data-elementor-type=\"wp-page\" data-elementor-id=\"2904\" class=\"elementor elementor-2904\" data-elementor-post-type=\"page\">\n\t\t\t\t<div class=\"elementor-element elementor-element-c2c7fe1 e-con-full e-flex e-con e-parent\" data-id=\"c2c7fe1\" data-element_type=\"container\" data-e-type=\"container\" data-settings=\"{&quot;background_background&quot;:&quot;classic&quot;}\">\n\t\t<div class=\"elementor-element elementor-element-f1a5204 e-con-full e-flex e-con e-parent\" data-id=\"f1a5204\" data-element_type=\"container\" data-e-type=\"container\">\n\t\t\t\t<div class=\"elementor-element elementor-element-2c6913d elementor-widget elementor-widget-heading\" data-id=\"2c6913d\" data-element_type=\"widget\" data-e-type=\"widget\" data-widget_type=\"heading.default\">\n\t\t\t\t<div class=\"elementor-widget-container\">\n\t\t\t\t\t<h1 class=\"elementor-heading-title elementor-size-default\"><strong>Enfoque de G\u00e9nero, Comunicaci\u00f3n Pol\u00edtica y Territorial.<\/strong>\n<\/h1>\t\t\t\t<\/div>\n\t\t\t\t<\/div>\n\t\t\t\t<div class=\"elementor-element elementor-element-bec2fbc elementor-view-stacked elementor-shape-circle elementor-widget elementor-widget-icon\" data-id=\"bec2fbc\" data-element_type=\"widget\" data-e-type=\"widget\" data-widget_type=\"icon.default\">\n\t\t\t\t<div class=\"elementor-widget-container\">\n\t\t\t\t\t\t\t<div class=\"elementor-icon-wrapper\">\n\t\t\t<div class=\"elementor-icon\">\n\t\t\t<i aria-hidden=\"true\" class=\"fas fa-arrow-down\"><\/i>\t\t\t<\/div>\n\t\t<\/div>\n\t\t\t\t\t\t<\/div>\n\t\t\t\t<\/div>\n\t\t\t\t<\/div>\n\t\t\t\t<div class=\"elementor-element elementor-element-7e94104 elementor-widget elementor-widget-image\" data-id=\"7e94104\" data-element_type=\"widget\" data-e-type=\"widget\" data-widget_type=\"image.default\">\n\t\t\t\t<div class=\"elementor-widget-container\">\n\t\t\t\t\t\t\t\t\t\t\t\t\t\t\t<img fetchpriority=\"high\" decoding=\"async\" width=\"2560\" height=\"1429\" src=\"https:\/\/frenterenovador.org.ar\/proyectAR\/wp-content\/uploads\/2023\/08\/Foto-Docente-scaled.jpg\" class=\"attachment-full size-full wp-image-2908\" alt=\"\" srcset=\"https:\/\/frenterenovador.org.ar\/proyectAR\/wp-content\/uploads\/2023\/08\/Foto-Docente-scaled.jpg 2560w, https:\/\/frenterenovador.org.ar\/proyectAR\/wp-content\/uploads\/2023\/08\/Foto-Docente-300x167.jpg 300w, https:\/\/frenterenovador.org.ar\/proyectAR\/wp-content\/uploads\/2023\/08\/Foto-Docente-1024x572.jpg 1024w, https:\/\/frenterenovador.org.ar\/proyectAR\/wp-content\/uploads\/2023\/08\/Foto-Docente-768x429.jpg 768w, https:\/\/frenterenovador.org.ar\/proyectAR\/wp-content\/uploads\/2023\/08\/Foto-Docente-1536x857.jpg 1536w, https:\/\/frenterenovador.org.ar\/proyectAR\/wp-content\/uploads\/2023\/08\/Foto-Docente-2048x1143.jpg 2048w\" sizes=\"(max-width: 2560px) 100vw, 2560px\" \/>\t\t\t\t\t\t\t\t\t\t\t\t\t\t\t<\/div>\n\t\t\t\t<\/div>\n\t\t\t\t<\/div>\n\t\t<div class=\"elementor-element elementor-element-097aa76 e-con-full e-flex e-con e-parent\" data-id=\"097aa76\" data-element_type=\"container\" data-e-type=\"container\">\n\t\t<div class=\"elementor-element elementor-element-cf8b2ef e-con-full e-flex e-con e-parent\" data-id=\"cf8b2ef\" data-element_type=\"container\" data-e-type=\"container\">\n\t\t\t\t<div class=\"elementor-element elementor-element-243c51c elementor-widget elementor-widget-heading\" data-id=\"243c51c\" data-element_type=\"widget\" data-e-type=\"widget\" data-widget_type=\"heading.default\">\n\t\t\t\t<div class=\"elementor-widget-container\">\n\t\t\t\t\t<h2 class=\"elementor-heading-title elementor-size-default\">Enfoque de G\u00e9nero, Comunicaci\u00f3n Pol\u00edtica y Territorial.<\/h2>\t\t\t\t<\/div>\n\t\t\t\t<\/div>\n\t\t\t\t<\/div>\n\t\t\t\t<\/div>\n\t\t<div class=\"elementor-element elementor-element-cf575f2 e-con-full e-flex e-con e-parent\" data-id=\"cf575f2\" data-element_type=\"container\" data-e-type=\"container\" data-settings=\"{&quot;background_background&quot;:&quot;classic&quot;}\">\n\t\t<div class=\"elementor-element elementor-element-1d7dd97 e-flex e-con-boxed e-con e-parent\" data-id=\"1d7dd97\" data-element_type=\"container\" data-e-type=\"container\">\n\t\t\t\t\t<div class=\"e-con-inner\">\n\t\t\t\t<div class=\"elementor-element elementor-element-0813859 elementor-widget elementor-widget-heading\" data-id=\"0813859\" data-element_type=\"widget\" data-e-type=\"widget\" data-widget_type=\"heading.default\">\n\t\t\t\t<div class=\"elementor-widget-container\">\n\t\t\t\t\t<h1 class=\"elementor-heading-title elementor-size-default\"><strong>Caracter\u00edsticas<\/strong> del programa<\/h1>\t\t\t\t<\/div>\n\t\t\t\t<\/div>\n\t\t\t\t<div class=\"elementor-element elementor-element-ab240dd elementor-widget elementor-widget-text-editor\" data-id=\"ab240dd\" data-element_type=\"widget\" data-e-type=\"widget\" data-widget_type=\"text-editor.default\">\n\t\t\t\t<div class=\"elementor-widget-container\">\n\t\t\t\t\t\t\t\t\t<p style=\"text-align: left;\">El taller consiste de tres encuentros sincr\u00f3nicos donde podr\u00e1s realizar una primera aproximaci\u00f3n a las diversas herramientas que integran la comunicaci\u00f3n pol\u00edtica. Se trabajar\u00e1 la\u00a0 comunicaci\u00f3n como proceso indispensable para la pol\u00edtica actual y como instrumento para comunicar el desarrollo territorial.<\/p><p><strong>Docente:<\/strong>\u00a0Lenny C\u00e1ceres<\/p><p><strong>Modalidad:<\/strong>\u00a0Sincr\u00f3nico<\/p><p><strong>Duraci\u00f3n:<\/strong>\u00a03 M\u00f3dulos<\/p>\t\t\t\t\t\t\t\t<\/div>\n\t\t\t\t<\/div>\n\t\t\t\t<div class=\"elementor-element elementor-element-f44afef elementor-widget elementor-widget-button\" data-id=\"f44afef\" data-element_type=\"widget\" data-e-type=\"widget\" data-widget_type=\"button.default\">\n\t\t\t\t<div class=\"elementor-widget-container\">\n\t\t\t\t\t\t\t\t\t<div class=\"elementor-button-wrapper\">\n\t\t\t\t\t<a class=\"elementor-button elementor-button-link elementor-size-sm\" href=\"https:\/\/academia-proyectarargentina.org\/registro\">\n\t\t\t\t\t\t<span class=\"elementor-button-content-wrapper\">\n\t\t\t\t\t\t\t\t\t<span class=\"elementor-button-text\">Quiero inscribirme<\/span>\n\t\t\t\t\t<\/span>\n\t\t\t\t\t<\/a>\n\t\t\t\t<\/div>\n\t\t\t\t\t\t\t\t<\/div>\n\t\t\t\t<\/div>\n\t\t\t\t\t<\/div>\n\t\t\t\t<\/div>\n\t\t<div class=\"elementor-element elementor-element-786bfd0 e-flex e-con-boxed e-con e-parent\" data-id=\"786bfd0\" data-element_type=\"container\" data-e-type=\"container\">\n\t\t\t\t\t<div class=\"e-con-inner\">\n\t\t\t\t<div class=\"elementor-element elementor-element-48a54e7 elementor-widget elementor-widget-image\" data-id=\"48a54e7\" data-element_type=\"widget\" data-e-type=\"widget\" data-widget_type=\"image.default\">\n\t\t\t\t<div class=\"elementor-widget-container\">\n\t\t\t\t\t\t\t\t\t\t\t\t\t\t\t<img fetchpriority=\"high\" decoding=\"async\" width=\"2560\" height=\"1429\" src=\"https:\/\/frenterenovador.org.ar\/proyectAR\/wp-content\/uploads\/2023\/08\/Foto-Docente-scaled.jpg\" class=\"attachment-full size-full wp-image-2908\" alt=\"\" srcset=\"https:\/\/frenterenovador.org.ar\/proyectAR\/wp-content\/uploads\/2023\/08\/Foto-Docente-scaled.jpg 2560w, https:\/\/frenterenovador.org.ar\/proyectAR\/wp-content\/uploads\/2023\/08\/Foto-Docente-300x167.jpg 300w, https:\/\/frenterenovador.org.ar\/proyectAR\/wp-content\/uploads\/2023\/08\/Foto-Docente-1024x572.jpg 1024w, https:\/\/frenterenovador.org.ar\/proyectAR\/wp-content\/uploads\/2023\/08\/Foto-Docente-768x429.jpg 768w, https:\/\/frenterenovador.org.ar\/proyectAR\/wp-content\/uploads\/2023\/08\/Foto-Docente-1536x857.jpg 1536w, https:\/\/frenterenovador.org.ar\/proyectAR\/wp-content\/uploads\/2023\/08\/Foto-Docente-2048x1143.jpg 2048w\" sizes=\"(max-width: 2560px) 100vw, 2560px\" \/>\t\t\t\t\t\t\t\t\t\t\t\t\t\t\t<\/div>\n\t\t\t\t<\/div>\n\t\t\t\t\t<\/div>\n\t\t\t\t<\/div>\n\t\t\t\t<\/div>\n\t\t<div class=\"elementor-element elementor-element-c304135 e-con-full e-flex e-con e-parent\" data-id=\"c304135\" data-element_type=\"container\" data-e-type=\"container\" data-settings=\"{&quot;background_background&quot;:&quot;classic&quot;}\">\n\t\t\t\t<div class=\"elementor-element elementor-element-89258a3 elementor-widget__width-initial elementor-widget-mobile__width-inherit elementor-widget elementor-widget-heading\" data-id=\"89258a3\" data-element_type=\"widget\" data-e-type=\"widget\" data-widget_type=\"heading.default\">\n\t\t\t\t<div class=\"elementor-widget-container\">\n\t\t\t\t\t<h1 class=\"elementor-heading-title elementor-size-default\"><strong>Una nueva forma de capacitarse <\/strong>para la gesti\u00f3n p\u00fablica.<\/h1>\t\t\t\t<\/div>\n\t\t\t\t<\/div>\n\t\t\t\t<div class=\"elementor-element elementor-element-b118f1f elementor-widget elementor-widget-text-editor\" data-id=\"b118f1f\" data-element_type=\"widget\" data-e-type=\"widget\" data-widget_type=\"text-editor.default\">\n\t\t\t\t<div class=\"elementor-widget-container\">\n\t\t\t\t\t\t\t\t\t<p>En ProyectAR podr\u00e1s encontrar diversos espacios de formaci\u00f3n pensados para<br \/>el desarrollo de una Argentina justa, igualitaria, federal y\u00a0 paritaria.<\/p>\t\t\t\t\t\t\t\t<\/div>\n\t\t\t\t<\/div>\n\t\t\t\t<div class=\"elementor-element elementor-element-d1bcc5d elementor-widget elementor-widget-counter\" data-id=\"d1bcc5d\" data-element_type=\"widget\" data-e-type=\"widget\" data-widget_type=\"counter.default\">\n\t\t\t\t<div class=\"elementor-widget-container\">\n\t\t\t\t\t\t\t<div class=\"elementor-counter\">\n\t\t\t<div class=\"elementor-counter-title\">inscriptos\/as<\/div>\t\t\t<div class=\"elementor-counter-number-wrapper\">\n\t\t\t\t<span class=\"elementor-counter-number-prefix\">+<\/span>\n\t\t\t\t<span class=\"elementor-counter-number\" data-duration=\"2000\" data-to-value=\"4100\" data-from-value=\"0\" data-delimiter=\",\">0<\/span>\n\t\t\t\t<span class=\"elementor-counter-number-suffix\"><\/span>\n\t\t\t<\/div>\n\t\t<\/div>\n\t\t\t\t\t\t<\/div>\n\t\t\t\t<\/div>\n\t\t\t\t<div class=\"elementor-element elementor-element-b957a3b elementor-widget elementor-widget-counter\" data-id=\"b957a3b\" data-element_type=\"widget\" data-e-type=\"widget\" data-widget_type=\"counter.default\">\n\t\t\t\t<div class=\"elementor-widget-container\">\n\t\t\t\t\t\t\t<div class=\"elementor-counter\">\n\t\t\t<div class=\"elementor-counter-title\">graduados\/as <\/div>\t\t\t<div class=\"elementor-counter-number-wrapper\">\n\t\t\t\t<span class=\"elementor-counter-number-prefix\">+<\/span>\n\t\t\t\t<span class=\"elementor-counter-number\" data-duration=\"2000\" data-to-value=\"3200\" data-from-value=\"0\" data-delimiter=\",\">0<\/span>\n\t\t\t\t<span class=\"elementor-counter-number-suffix\"><\/span>\n\t\t\t<\/div>\n\t\t<\/div>\n\t\t\t\t\t\t<\/div>\n\t\t\t\t<\/div>\n\t\t\t\t<div class=\"elementor-element elementor-element-c1e22d5 elementor-widget elementor-widget-counter\" data-id=\"c1e22d5\" data-element_type=\"widget\" data-e-type=\"widget\" data-widget_type=\"counter.default\">\n\t\t\t\t<div class=\"elementor-widget-container\">\n\t\t\t\t\t\t\t<div class=\"elementor-counter\">\n\t\t\t<div class=\"elementor-counter-title\">cantidad de cursos ofrecidos<\/div>\t\t\t<div class=\"elementor-counter-number-wrapper\">\n\t\t\t\t<span class=\"elementor-counter-number-prefix\">+<\/span>\n\t\t\t\t<span class=\"elementor-counter-number\" data-duration=\"2000\" data-to-value=\"125\" data-from-value=\"0\" data-delimiter=\",\">0<\/span>\n\t\t\t\t<span class=\"elementor-counter-number-suffix\"><\/span>\n\t\t\t<\/div>\n\t\t<\/div>\n\t\t\t\t\t\t<\/div>\n\t\t\t\t<\/div>\n\t\t\t\t<\/div>\n\t\t\t\t<\/div>\n\t\t","protected":false},"excerpt":{"rendered":"<p>Enfoque de G\u00e9nero, Comunicaci\u00f3n Pol\u00edtica y Territorial. Enfoque de G\u00e9nero, Comunicaci\u00f3n Pol\u00edtica y Territorial. Caracter\u00edsticas del programa El taller consiste de tres encuentros sincr\u00f3nicos donde podr\u00e1s realizar una primera aproximaci\u00f3n a las diversas herramientas que integran la comunicaci\u00f3n pol\u00edtica. Se trabajar\u00e1 la\u00a0 comunicaci\u00f3n como proceso indispensable para la pol\u00edtica actual y como instrumento para comunicar [&hellip;]<\/p>\n","protected":false},"author":5,"featured_media":0,"parent":0,"menu_order":0,"comment_status":"closed","ping_status":"closed","template":"","meta":{"footnotes":""},"class_list":["post-2904","page","type-page","status-publish","hentry"],"yoast_head":"<!-- This site is optimized with the Yoast SEO plugin v27.5 - https:\/\/yoast.com\/product\/yoast-seo-wordpress\/ -->\n<title>Enfoque de G\u00e9nero, Comunicaci\u00f3n Pol\u00edtica y Territoria - ProyectAR<\/title>\n<meta name=\"robots\" content=\"index, follow, max-snippet:-1, max-image-preview:large, max-video-preview:-1\" \/>\n<link rel=\"canonical\" href=\"https:\/\/frenterenovador.org.ar\/proyectAR\/enfoque-de-genero-comunicacion-politica-y-territoria\/\" \/>\n<meta property=\"og:locale\" content=\"es_ES\" \/>\n<meta property=\"og:type\" content=\"article\" \/>\n<meta property=\"og:title\" content=\"Enfoque de G\u00e9nero, Comunicaci\u00f3n Pol\u00edtica y Territoria - ProyectAR\" \/>\n<meta property=\"og:description\" content=\"Enfoque de G\u00e9nero, Comunicaci\u00f3n Pol\u00edtica y Territorial. Enfoque de G\u00e9nero, Comunicaci\u00f3n Pol\u00edtica y Territorial. Caracter\u00edsticas del programa El taller consiste de tres encuentros sincr\u00f3nicos donde podr\u00e1s realizar una primera aproximaci\u00f3n a las diversas herramientas que integran la comunicaci\u00f3n pol\u00edtica. Se trabajar\u00e1 la\u00a0 comunicaci\u00f3n como proceso indispensable para la pol\u00edtica actual y como instrumento para comunicar [&hellip;]\" \/>\n<meta property=\"og:url\" content=\"https:\/\/frenterenovador.org.ar\/proyectAR\/enfoque-de-genero-comunicacion-politica-y-territoria\/\" \/>\n<meta property=\"og:site_name\" content=\"ProyectAR\" \/>\n<meta property=\"article:publisher\" content=\"https:\/\/www.facebook.com\/ProyectARgentina\" \/>\n<meta property=\"article:modified_time\" content=\"2023-08-02T22:07:43+00:00\" \/>\n<meta property=\"og:image\" content=\"https:\/\/frenterenovador.org.ar\/proyectAR\/wp-content\/uploads\/2023\/08\/Foto-Docente-scaled.jpg\" \/>\n<meta name=\"twitter:card\" content=\"summary_large_image\" \/>\n<meta name=\"twitter:site\" content=\"@ProyectarArg\" \/>\n<meta name=\"twitter:label1\" content=\"Tiempo de lectura\" \/>\n\t<meta name=\"twitter:data1\" content=\"1 minuto\" \/>\n<script type=\"application\/ld+json\" class=\"yoast-schema-graph\">{\"@context\":\"https:\\\/\\\/schema.org\",\"@graph\":[{\"@type\":\"WebPage\",\"@id\":\"https:\\\/\\\/frenterenovador.org.ar\\\/proyectAR\\\/enfoque-de-genero-comunicacion-politica-y-territoria\\\/\",\"url\":\"https:\\\/\\\/frenterenovador.org.ar\\\/proyectAR\\\/enfoque-de-genero-comunicacion-politica-y-territoria\\\/\",\"name\":\"Enfoque de G\u00e9nero, Comunicaci\u00f3n Pol\u00edtica y Territoria - ProyectAR\",\"isPartOf\":{\"@id\":\"https:\\\/\\\/frenterenovador.org.ar\\\/proyectAR\\\/#website\"},\"primaryImageOfPage\":{\"@id\":\"https:\\\/\\\/frenterenovador.org.ar\\\/proyectAR\\\/enfoque-de-genero-comunicacion-politica-y-territoria\\\/#primaryimage\"},\"image\":{\"@id\":\"https:\\\/\\\/frenterenovador.org.ar\\\/proyectAR\\\/enfoque-de-genero-comunicacion-politica-y-territoria\\\/#primaryimage\"},\"thumbnailUrl\":\"https:\\\/\\\/frenterenovador.org.ar\\\/proyectAR\\\/wp-content\\\/uploads\\\/2023\\\/08\\\/Foto-Docente-scaled.jpg\",\"datePublished\":\"2023-08-02T22:03:25+00:00\",\"dateModified\":\"2023-08-02T22:07:43+00:00\",\"breadcrumb\":{\"@id\":\"https:\\\/\\\/frenterenovador.org.ar\\\/proyectAR\\\/enfoque-de-genero-comunicacion-politica-y-territoria\\\/#breadcrumb\"},\"inLanguage\":\"es\",\"potentialAction\":[{\"@type\":\"ReadAction\",\"target\":[\"https:\\\/\\\/frenterenovador.org.ar\\\/proyectAR\\\/enfoque-de-genero-comunicacion-politica-y-territoria\\\/\"]}]},{\"@type\":\"ImageObject\",\"inLanguage\":\"es\",\"@id\":\"https:\\\/\\\/frenterenovador.org.ar\\\/proyectAR\\\/enfoque-de-genero-comunicacion-politica-y-territoria\\\/#primaryimage\",\"url\":\"https:\\\/\\\/frenterenovador.org.ar\\\/proyectAR\\\/wp-content\\\/uploads\\\/2023\\\/08\\\/Foto-Docente-scaled.jpg\",\"contentUrl\":\"https:\\\/\\\/frenterenovador.org.ar\\\/proyectAR\\\/wp-content\\\/uploads\\\/2023\\\/08\\\/Foto-Docente-scaled.jpg\",\"width\":2560,\"height\":1429},{\"@type\":\"BreadcrumbList\",\"@id\":\"https:\\\/\\\/frenterenovador.org.ar\\\/proyectAR\\\/enfoque-de-genero-comunicacion-politica-y-territoria\\\/#breadcrumb\",\"itemListElement\":[{\"@type\":\"ListItem\",\"position\":1,\"name\":\"Portada\",\"item\":\"https:\\\/\\\/frenterenovador.org.ar\\\/proyectAR\\\/\"},{\"@type\":\"ListItem\",\"position\":2,\"name\":\"Enfoque de G\u00e9nero, Comunicaci\u00f3n Pol\u00edtica y Territoria\"}]},{\"@type\":\"WebSite\",\"@id\":\"https:\\\/\\\/frenterenovador.org.ar\\\/proyectAR\\\/#website\",\"url\":\"https:\\\/\\\/frenterenovador.org.ar\\\/proyectAR\\\/\",\"name\":\"ProyectAR Argentina\",\"description\":\"Escuela de Gobierno y Pol\u00edticas P\u00fablicas\",\"publisher\":{\"@id\":\"https:\\\/\\\/frenterenovador.org.ar\\\/proyectAR\\\/#organization\"},\"potentialAction\":[{\"@type\":\"SearchAction\",\"target\":{\"@type\":\"EntryPoint\",\"urlTemplate\":\"https:\\\/\\\/frenterenovador.org.ar\\\/proyectAR\\\/?s={search_term_string}\"},\"query-input\":{\"@type\":\"PropertyValueSpecification\",\"valueRequired\":true,\"valueName\":\"search_term_string\"}}],\"inLanguage\":\"es\"},{\"@type\":\"Organization\",\"@id\":\"https:\\\/\\\/frenterenovador.org.ar\\\/proyectAR\\\/#organization\",\"name\":\"ProyectAR Argentina\",\"url\":\"https:\\\/\\\/frenterenovador.org.ar\\\/proyectAR\\\/\",\"logo\":{\"@type\":\"ImageObject\",\"inLanguage\":\"es\",\"@id\":\"https:\\\/\\\/frenterenovador.org.ar\\\/proyectAR\\\/#\\\/schema\\\/logo\\\/image\\\/\",\"url\":\"https:\\\/\\\/frenterenovador.org.ar\\\/proyectAR\\\/wp-content\\\/uploads\\\/2023\\\/04\\\/logocom.svg\",\"contentUrl\":\"https:\\\/\\\/frenterenovador.org.ar\\\/proyectAR\\\/wp-content\\\/uploads\\\/2023\\\/04\\\/logocom.svg\",\"width\":1,\"height\":1,\"caption\":\"ProyectAR Argentina\"},\"image\":{\"@id\":\"https:\\\/\\\/frenterenovador.org.ar\\\/proyectAR\\\/#\\\/schema\\\/logo\\\/image\\\/\"},\"sameAs\":[\"https:\\\/\\\/www.facebook.com\\\/ProyectARgentina\",\"https:\\\/\\\/x.com\\\/ProyectarArg\"]}]}<\/script>\n<!-- \/ Yoast SEO plugin. -->","yoast_head_json":{"title":"Enfoque de G\u00e9nero, Comunicaci\u00f3n Pol\u00edtica y Territoria - ProyectAR","robots":{"index":"index","follow":"follow","max-snippet":"max-snippet:-1","max-image-preview":"max-image-preview:large","max-video-preview":"max-video-preview:-1"},"canonical":"https:\/\/frenterenovador.org.ar\/proyectAR\/enfoque-de-genero-comunicacion-politica-y-territoria\/","og_locale":"es_ES","og_type":"article","og_title":"Enfoque de G\u00e9nero, Comunicaci\u00f3n Pol\u00edtica y Territoria - ProyectAR","og_description":"Enfoque de G\u00e9nero, Comunicaci\u00f3n Pol\u00edtica y Territorial. Enfoque de G\u00e9nero, Comunicaci\u00f3n Pol\u00edtica y Territorial. Caracter\u00edsticas del programa El taller consiste de tres encuentros sincr\u00f3nicos donde podr\u00e1s realizar una primera aproximaci\u00f3n a las diversas herramientas que integran la comunicaci\u00f3n pol\u00edtica. Se trabajar\u00e1 la\u00a0 comunicaci\u00f3n como proceso indispensable para la pol\u00edtica actual y como instrumento para comunicar [&hellip;]","og_url":"https:\/\/frenterenovador.org.ar\/proyectAR\/enfoque-de-genero-comunicacion-politica-y-territoria\/","og_site_name":"ProyectAR","article_publisher":"https:\/\/www.facebook.com\/ProyectARgentina","article_modified_time":"2023-08-02T22:07:43+00:00","og_image":[{"url":"https:\/\/frenterenovador.org.ar\/proyectAR\/wp-content\/uploads\/2023\/08\/Foto-Docente-scaled.jpg","type":"","width":"","height":""}],"twitter_card":"summary_large_image","twitter_site":"@ProyectarArg","twitter_misc":{"Tiempo de lectura":"1 minuto"},"schema":{"@context":"https:\/\/schema.org","@graph":[{"@type":"WebPage","@id":"https:\/\/frenterenovador.org.ar\/proyectAR\/enfoque-de-genero-comunicacion-politica-y-territoria\/","url":"https:\/\/frenterenovador.org.ar\/proyectAR\/enfoque-de-genero-comunicacion-politica-y-territoria\/","name":"Enfoque de G\u00e9nero, Comunicaci\u00f3n Pol\u00edtica y Territoria - ProyectAR","isPartOf":{"@id":"https:\/\/frenterenovador.org.ar\/proyectAR\/#website"},"primaryImageOfPage":{"@id":"https:\/\/frenterenovador.org.ar\/proyectAR\/enfoque-de-genero-comunicacion-politica-y-territoria\/#primaryimage"},"image":{"@id":"https:\/\/frenterenovador.org.ar\/proyectAR\/enfoque-de-genero-comunicacion-politica-y-territoria\/#primaryimage"},"thumbnailUrl":"https:\/\/frenterenovador.org.ar\/proyectAR\/wp-content\/uploads\/2023\/08\/Foto-Docente-scaled.jpg","datePublished":"2023-08-02T22:03:25+00:00","dateModified":"2023-08-02T22:07:43+00:00","breadcrumb":{"@id":"https:\/\/frenterenovador.org.ar\/proyectAR\/enfoque-de-genero-comunicacion-politica-y-territoria\/#breadcrumb"},"inLanguage":"es","potentialAction":[{"@type":"ReadAction","target":["https:\/\/frenterenovador.org.ar\/proyectAR\/enfoque-de-genero-comunicacion-politica-y-territoria\/"]}]},{"@type":"ImageObject","inLanguage":"es","@id":"https:\/\/frenterenovador.org.ar\/proyectAR\/enfoque-de-genero-comunicacion-politica-y-territoria\/#primaryimage","url":"https:\/\/frenterenovador.org.ar\/proyectAR\/wp-content\/uploads\/2023\/08\/Foto-Docente-scaled.jpg","contentUrl":"https:\/\/frenterenovador.org.ar\/proyectAR\/wp-content\/uploads\/2023\/08\/Foto-Docente-scaled.jpg","width":2560,"height":1429},{"@type":"BreadcrumbList","@id":"https:\/\/frenterenovador.org.ar\/proyectAR\/enfoque-de-genero-comunicacion-politica-y-territoria\/#breadcrumb","itemListElement":[{"@type":"ListItem","position":1,"name":"Portada","item":"https:\/\/frenterenovador.org.ar\/proyectAR\/"},{"@type":"ListItem","position":2,"name":"Enfoque de G\u00e9nero, Comunicaci\u00f3n Pol\u00edtica y Territoria"}]},{"@type":"WebSite","@id":"https:\/\/frenterenovador.org.ar\/proyectAR\/#website","url":"https:\/\/frenterenovador.org.ar\/proyectAR\/","name":"ProyectAR Argentina","description":"Escuela de Gobierno y Pol\u00edticas P\u00fablicas","publisher":{"@id":"https:\/\/frenterenovador.org.ar\/proyectAR\/#organization"},"potentialAction":[{"@type":"SearchAction","target":{"@type":"EntryPoint","urlTemplate":"https:\/\/frenterenovador.org.ar\/proyectAR\/?s={search_term_string}"},"query-input":{"@type":"PropertyValueSpecification","valueRequired":true,"valueName":"search_term_string"}}],"inLanguage":"es"},{"@type":"Organization","@id":"https:\/\/frenterenovador.org.ar\/proyectAR\/#organization","name":"ProyectAR Argentina","url":"https:\/\/frenterenovador.org.ar\/proyectAR\/","logo":{"@type":"ImageObject","inLanguage":"es","@id":"https:\/\/frenterenovador.org.ar\/proyectAR\/#\/schema\/logo\/image\/","url":"https:\/\/frenterenovador.org.ar\/proyectAR\/wp-content\/uploads\/2023\/04\/logocom.svg","contentUrl":"https:\/\/frenterenovador.org.ar\/proyectAR\/wp-content\/uploads\/2023\/04\/logocom.svg","width":1,"height":1,"caption":"ProyectAR Argentina"},"image":{"@id":"https:\/\/frenterenovador.org.ar\/proyectAR\/#\/schema\/logo\/image\/"},"sameAs":["https:\/\/www.facebook.com\/ProyectARgentina","https:\/\/x.com\/ProyectarArg"]}]}},"_links":{"self":[{"href":"https:\/\/frenterenovador.org.ar\/proyectAR\/wp-json\/wp\/v2\/pages\/2904","targetHints":{"allow":["GET"]}}],"collection":[{"href":"https:\/\/frenterenovador.org.ar\/proyectAR\/wp-json\/wp\/v2\/pages"}],"about":[{"href":"https:\/\/frenterenovador.org.ar\/proyectAR\/wp-json\/wp\/v2\/types\/page"}],"author":[{"embeddable":true,"href":"https:\/\/frenterenovador.org.ar\/proyectAR\/wp-json\/wp\/v2\/users\/5"}],"replies":[{"embeddable":true,"href":"https:\/\/frenterenovador.org.ar\/proyectAR\/wp-json\/wp\/v2\/comments?post=2904"}],"version-history":[{"count":0,"href":"https:\/\/frenterenovador.org.ar\/proyectAR\/wp-json\/wp\/v2\/pages\/2904\/revisions"}],"wp:attachment":[{"href":"https:\/\/frenterenovador.org.ar\/proyectAR\/wp-json\/wp\/v2\/media?parent=2904"}],"curies":[{"name":"wp","href":"https:\/\/api.w.org\/{rel}","templated":true}]}}